{"id":53,"date":"2019-10-21T15:29:27","date_gmt":"2019-10-21T13:29:27","guid":{"rendered":"http:\/\/foyer-tremplin.com\/wordpress\/?page_id=53"},"modified":"2020-01-31T15:27:01","modified_gmt":"2020-01-31T14:27:01","slug":"lassociation","status":"publish","type":"page","link":"http:\/\/foyer-tremplin.com\/wordpress\/?page_id=53","title":{"rendered":"L&rsquo;association"},"content":{"rendered":"<section id=\"bt_bb_section69f50d05555c0\" class=\"bt_bb_section bt_bb_layout_boxed_1600 bt_bb_vertical_align_top\"  data-bt-override-class=\"null\"><div class=\"bt_bb_port\"><div class=\"bt_bb_cell\"><div class=\"bt_bb_cell_inner\"><div class=\"bt_bb_row_wrapper\"><div  class=\"bt_bb_row\"  data-bt-override-class=\"{}\"><div  class=\"bt_bb_column col-xxl-6 col-xl-6 bt_bb_vertical_align_middle bt_bb_align_left bt_bb_padding_normal bt_bb_animation_fade_in bt_bb_animation_move_right animate\"  data-width=\"6\" data-bt-override-class=\"{}\"><div class=\"bt_bb_column_content\"><div class=\"bt_bb_column_content_inner\"><div  class=\"bt_bb_text\" ><p><a href=\"http:\/\/foyer-tremplin.com\/wordpress\/wp-content\/uploads\/2019\/10\/histoire-2.jpg\"><img loading=\"lazy\" decoding=\"async\" class=\"alignleft size-full wp-image-127\" src=\"http:\/\/foyer-tremplin.com\/wordpress\/wp-content\/uploads\/2019\/10\/tremplin.png\" alt=\"\" width=\"787\" height=\"787\" srcset=\"http:\/\/foyer-tremplin.com\/wordpress\/wp-content\/uploads\/2019\/10\/tremplin.png 787w, http:\/\/foyer-tremplin.com\/wordpress\/wp-content\/uploads\/2019\/10\/tremplin-150x150.png 150w, http:\/\/foyer-tremplin.com\/wordpress\/wp-content\/uploads\/2019\/10\/tremplin-300x300.png 300w, http:\/\/foyer-tremplin.com\/wordpress\/wp-content\/uploads\/2019\/10\/tremplin-768x768.png 768w, http:\/\/foyer-tremplin.com\/wordpress\/wp-content\/uploads\/2019\/10\/tremplin-100x100.png 100w\" sizes=\"(max-width: 767px) 89vw, (max-width: 1000px) 54vw, (max-width: 1071px) 543px, 580px\" \/><img loading=\"lazy\" decoding=\"async\" class=\"alignnone wp-image-132 size-full\" src=\"http:\/\/foyer-tremplin.com\/wordpress\/wp-content\/uploads\/2019\/10\/histoire-2.jpg\" alt=\"\" width=\"1200\" height=\"800\" srcset=\"http:\/\/foyer-tremplin.com\/wordpress\/wp-content\/uploads\/2019\/10\/histoire-2.jpg 1200w, http:\/\/foyer-tremplin.com\/wordpress\/wp-content\/uploads\/2019\/10\/histoire-2-300x200.jpg 300w, http:\/\/foyer-tremplin.com\/wordpress\/wp-content\/uploads\/2019\/10\/histoire-2-768x512.jpg 768w, http:\/\/foyer-tremplin.com\/wordpress\/wp-content\/uploads\/2019\/10\/histoire-2-1024x683.jpg 1024w\" sizes=\"(max-width: 767px) 89vw, (max-width: 1000px) 54vw, (max-width: 1071px) 543px, 580px\" \/><\/a><\/p>\n<p><a href=\"http:\/\/foyer-tremplin.com\/wordpress\/wp-content\/uploads\/2019\/10\/salon1.jpg\"><img loading=\"lazy\" decoding=\"async\" class=\"alignleft wp-image-133 size-full\" src=\"http:\/\/foyer-tremplin.com\/wordpress\/wp-content\/uploads\/2019\/10\/salon1.jpg\" alt=\"\" width=\"1200\" height=\"800\" srcset=\"http:\/\/foyer-tremplin.com\/wordpress\/wp-content\/uploads\/2019\/10\/salon1.jpg 1200w, http:\/\/foyer-tremplin.com\/wordpress\/wp-content\/uploads\/2019\/10\/salon1-300x200.jpg 300w, http:\/\/foyer-tremplin.com\/wordpress\/wp-content\/uploads\/2019\/10\/salon1-768x512.jpg 768w, http:\/\/foyer-tremplin.com\/wordpress\/wp-content\/uploads\/2019\/10\/salon1-1024x683.jpg 1024w\" sizes=\"(max-width: 767px) 89vw, (max-width: 1000px) 54vw, (max-width: 1071px) 543px, 580px\" \/><\/a><\/p>\n<\/div><\/div><\/div><\/div><div  class=\"bt_bb_column col-xxl-6 col-xl-6 bt_bb_vertical_align_top bt_bb_align_left bt_bb_padding_normal bt_bb_animation_fade_in bt_bb_animation_move_left animate\"  data-width=\"6\" data-bt-override-class=\"{}\"><div class=\"bt_bb_column_content\"><div class=\"bt_bb_column_content_inner\"><div  class=\"bt_bb_text\" ><h2 class=\"entry-title\">Son histoire<\/h2>\n<p>L\u2019id\u00e9e de r\u00e9aliser un h\u00e9bergement \u00e0 Saint Am\u00e9, pour des travailleurs handicap\u00e9s de l\u2019ESAT date de 1985. Un groupe de travail se cr\u00e9e, rassemblant les professionnels, les parents et les fratries. L\u2019Association TREMPLIN va na\u00eetre de ce groupe en Novembre 1987.<\/p>\n<p><strong>En Novembre 1991<\/strong> ouverture du premier b\u00e2timent avec une capacit\u00e9 d\u2019accueil de 16 travailleurs handicap\u00e9s. La volont\u00e9 de l\u2019Association \u00e9tant de permettre aux personnes d\u2019\u00e9voluer vers une autonomie permettant ainsi d\u2019am\u00e9liorer l\u2019image qu\u2019elles ont d\u2019elles-m\u00eames et leur statut au sein de la soci\u00e9t\u00e9.<\/p>\n<p><strong>En F\u00e9vrier 2002<\/strong>, un projet d\u2019extension est d\u00e9pos\u00e9 au Conseil G\u00e9n\u00e9ral et au Comit\u00e9 R\u00e9gional de l\u2019Organisation Sociale et M\u00e9dico-sociale.<\/p>\n<p><strong>1<sup>er<\/sup>Octobre 2004<\/strong>, ouverture du deuxi\u00e8me b\u00e2timent sur le m\u00eame principe que le premier, avec \u00e9galement une capacit\u00e9 d\u2019accueil de 17 r\u00e9sidants.<\/p>\n<p>Sur l\u2019ensemble des deux b\u00e2timents, l\u2019Association propose 33 chambres individuelles avec sanitaires autonomes.<\/p>\n<p><strong>Octobre 2007<\/strong>, un autre projet d\u2019extension est d\u00e9pos\u00e9 au Conseil G\u00e9n\u00e9ral et au Comit\u00e9 R\u00e9gional de l\u2019Organisation Sociale et M\u00e9dico-sociale. L\u2019Association Tremplin envisage la cr\u00e9ation d\u2019un Foyer d\u2019Accueil Sp\u00e9cialis\u00e9 d\u2019une capacit\u00e9 de 19 places dont 8 places r\u00e9serv\u00e9es aux personnes handicap\u00e9es vieillissantes.<\/p>\n<p><strong>Novembre 2010<\/strong>, ouverture du F.A.S pour 19 places.<\/p>\n<p><strong>Avril 2012<\/strong>, cr\u00e9ation d\u2019un Accueil de Jour avec une capacit\u00e9 d\u2019accueil de 4 places.<\/p>\n<p><strong>Octobre 2012<\/strong>, l\u2019Association Sport et Sant\u00e9 des Hautes Vosges (Sport Adapt\u00e9) rejoint l\u2019Association Tremplin, accompagn\u00e9 d\u2019une vingtaine de b\u00e9n\u00e9voles pour proposer, principalement aux r\u00e9sidants de Tremplin, de l\u2019activit\u00e9 sportive (Badminton, P\u00e9tanque, Judo et activit\u00e9 motrice). Cette Association est affili\u00e9e \u00e0 la F\u00e9d\u00e9ration Fran\u00e7aise de Sport Adapt\u00e9.<\/p>\n<p><strong>1er Septembre 2018<\/strong>, suite \u00e0 une \u00e9volution concernant les orientations, l&rsquo;Association r\u00e9organise son fonctionnement. Apr\u00e8s autorisation du Conseil D\u00e9partemental , elle propose:<strong><br \/>\n<\/strong><\/p>\n<ul>\n<li>Un Foyer d\u2019h\u00e9bergement pour les travailleurs en ESAT (27 places)<\/li>\n<li>Un Foyer d\u2019Accueil Sp\u00e9cialis\u00e9 (26 places)<\/li>\n<li>Un Accueil de Jour (4 places)<\/li>\n<li>Une section de Sport Adapt\u00e9 (130 Adh\u00e9rents)<\/li>\n<\/ul>\n<p>L\u2019Association Tremplin est compos\u00e9e de :<\/p>\n<ul>\n<li>10 membres du Conseil d\u2019Administration<\/li>\n<li>65 Adh\u00e9rents<\/li>\n<li>30 salari\u00e9s<\/li>\n<\/ul>\n<p>La section de Sport Adapt\u00e9 (ASSHV) est compos\u00e9e de:<\/p>\n<ul>\n<li>20 b\u00e9n\u00e9voles<\/li>\n<li>130 Adh\u00e9rents<\/li>\n<\/ul>\n<\/div><\/div><\/div><\/div><\/div><\/div><\/div><!-- cell_inner --><\/div><!-- cell --><\/div><!-- port --><\/section><section id=\"bt_bb_section69f50d0555b49\" class=\"bt_bb_section bt_bb_layout_boxed_1600 bt_bb_vertical_align_top\"  data-bt-override-class=\"null\"><div class=\"bt_bb_port\"><div class=\"bt_bb_cell\"><div class=\"bt_bb_cell_inner\"><div class=\"bt_bb_row_wrapper\"><div  class=\"bt_bb_row\"  data-bt-override-class=\"{}\"><div  class=\"bt_bb_column col-xxl-6 col-xl-6 bt_bb_vertical_align_middle bt_bb_align_left bt_bb_padding_normal bt_bb_animation_fade_in bt_bb_animation_move_right animate\"  data-width=\"6\" data-bt-override-class=\"{}\"><div class=\"bt_bb_column_content\"><div class=\"bt_bb_column_content_inner\"><div  class=\"bt_bb_text\" ><h2 class=\"entry-title\">Ses valeurs<\/h2>\n<p>L\u2019Association TREMPLIN d\u00e9fend des valeurs auxquelles elle est historiquement attach\u00e9e. Ce sont celles qui figurent tout d\u2019abord et tout simplement dans la D\u00e9claration des Droits de l\u2019Homme et notamment l\u2019article 1<sup>er<\/sup> \u00ab\u00a0les hommes naissent et demeurent libres et \u00e9gaux en droit et en dignit\u00e9\u00a0\u00bb ainsi que celles d\u00e9finies dans la Charte des Droits et Libert\u00e9s de la personne accueillie.<\/p>\n<p>Toute personne atteinte de d\u00e9ficience intellectuelle est membre de plein droit de la communaut\u00e9 humaine et de la soci\u00e9t\u00e9, quels que soient ses potentiels et ses faiblesses.<\/p>\n<p>Chacun est un \u00eatre unique qui doit pouvoir trouver les conditions de son \u00e9panouissement, de son bien-\u00eatre et la capacit\u00e9 de se projeter dans une vie future, sociale, professionnelle et affective.<\/p>\n<p>La famille est prise en compte, soutenue et associ\u00e9e dans toutes les d\u00e9marches qui la concernent, chaque fois que possible, en tenant compte des besoins, des attentes et du statut de la personne accueillie.<\/p>\n<p>L\u2019Association se doit de fonctionner dans un esprit de solidarit\u00e9 et de respect par rapport aux r\u00e9sidants et leurs familles, les professionnels et les partenaires.<\/p>\n<\/div><\/div><\/div><\/div><div  class=\"bt_bb_column col-xxl-6 col-xl-6 bt_bb_vertical_align_middle bt_bb_align_left bt_bb_padding_normal bt_bb_animation_fade_in bt_bb_animation_move_left animate\"  data-width=\"6\" data-bt-override-class=\"{}\"><div class=\"bt_bb_column_content\"><div class=\"bt_bb_column_content_inner\"><div  class=\"bt_bb_text\" ><p><a href=\"http:\/\/foyer-tremplin.com\/wordpress\/wp-content\/uploads\/2019\/10\/salon3.jpg\"><img loading=\"lazy\" decoding=\"async\" class=\"alignright wp-image-137 size-full\" src=\"http:\/\/foyer-tremplin.com\/wordpress\/wp-content\/uploads\/2019\/10\/salon3.jpg\" alt=\"\" width=\"1200\" height=\"800\" srcset=\"http:\/\/foyer-tremplin.com\/wordpress\/wp-content\/uploads\/2019\/10\/salon3.jpg 1200w, http:\/\/foyer-tremplin.com\/wordpress\/wp-content\/uploads\/2019\/10\/salon3-300x200.jpg 300w, http:\/\/foyer-tremplin.com\/wordpress\/wp-content\/uploads\/2019\/10\/salon3-768x512.jpg 768w, http:\/\/foyer-tremplin.com\/wordpress\/wp-content\/uploads\/2019\/10\/salon3-1024x683.jpg 1024w\" sizes=\"(max-width: 767px) 89vw, (max-width: 1000px) 54vw, (max-width: 1071px) 543px, 580px\" \/><\/a><\/p>\n<\/div><\/div><\/div><\/div><\/div><\/div><\/div><!-- cell_inner --><\/div><!-- cell --><\/div><!-- port --><\/section><section id=\"bt_bb_section69f50d0555e09\" class=\"bt_bb_section bt_bb_layout_boxed_1600 bt_bb_vertical_align_top\"  data-bt-override-class=\"null\"><div class=\"bt_bb_port\"><div class=\"bt_bb_cell\"><div class=\"bt_bb_cell_inner\"><div class=\"bt_bb_row_wrapper\"><div  class=\"bt_bb_row\"  data-bt-override-class=\"{}\"><div  class=\"bt_bb_column col-xxl-6 col-xl-6 bt_bb_vertical_align_middle bt_bb_align_left bt_bb_padding_normal bt_bb_animation_fade_in bt_bb_animation_move_right animate\"  data-width=\"6\" data-bt-override-class=\"{}\"><div class=\"bt_bb_column_content\"><div class=\"bt_bb_column_content_inner\"><div  class=\"bt_bb_text\" ><p><a href=\"http:\/\/foyer-tremplin.com\/wordpress\/wp-content\/uploads\/2019\/10\/sam1.jpg\"><img loading=\"lazy\" decoding=\"async\" class=\"alignleft wp-image-140 size-full\" src=\"http:\/\/foyer-tremplin.com\/wordpress\/wp-content\/uploads\/2019\/10\/sam1.jpg\" alt=\"\" width=\"1200\" height=\"800\" srcset=\"http:\/\/foyer-tremplin.com\/wordpress\/wp-content\/uploads\/2019\/10\/sam1.jpg 1200w, http:\/\/foyer-tremplin.com\/wordpress\/wp-content\/uploads\/2019\/10\/sam1-300x200.jpg 300w, http:\/\/foyer-tremplin.com\/wordpress\/wp-content\/uploads\/2019\/10\/sam1-768x512.jpg 768w, http:\/\/foyer-tremplin.com\/wordpress\/wp-content\/uploads\/2019\/10\/sam1-1024x683.jpg 1024w\" sizes=\"(max-width: 767px) 89vw, (max-width: 1000px) 54vw, (max-width: 1071px) 543px, 580px\" \/><\/a><\/p>\n<\/div><\/div><\/div><\/div><div  class=\"bt_bb_column col-xxl-6 col-xl-6 bt_bb_vertical_align_middle bt_bb_align_left bt_bb_padding_normal bt_bb_animation_fade_in bt_bb_animation_move_left animate\"  data-width=\"6\" data-bt-override-class=\"{}\"><div class=\"bt_bb_column_content\"><div class=\"bt_bb_column_content_inner\"><div  class=\"bt_bb_text\" ><h2 class=\"entry-title\">Ses missions<\/h2>\n<p><strong>La mission fondamentale de l\u2019association Tremplin est tout d\u2019abord l\u2019accompagnement de la personne dans sa globalit\u00e9 en favorisant:<\/strong><\/p>\n<ul>\n<li>L\u2019\u00e9panouissement, l\u2019insertion sociale et l\u2019autonomie des personnes d\u00e9ficientes intellectuelles dans une soci\u00e9t\u00e9 respectueuse de leurs difficult\u00e9s et diff\u00e9rences.<\/li>\n<li>La recherche de l\u2019autonomie maximale permettant l\u2019int\u00e9gration dans le tissu local et la vie de la commune.<\/li>\n<li>L\u2019accueil diff\u00e9renci\u00e9 avec l\u2019\u00e9volution des besoins, la mise en place de solutions flexibles aux choix multiples et r\u00e9versibles, gr\u00e2ce \u00e0 l\u2019articulation entre diff\u00e9rents projets et activit\u00e9s.<\/li>\n<li>\u00a0L&rsquo;\u00e9coute des besoins et des attentes des r\u00e9sidents dont elle facilite l&rsquo;expression.<\/li>\n<li>L\u2019entretien et l\u2019adaptation des locaux, en vue de garantir la s\u00e9curit\u00e9 et la qualit\u00e9 d\u2019un h\u00e9bergement \u00e0 caract\u00e8re familial.<\/li>\n<li>L\u2019accueil et l\u2019h\u00e9bergement des travailleurs handicap\u00e9s de notre secteur g\u00e9ographique pour permettre leur \u00e9panouissement et leur int\u00e9gration sociale tout au long de leur vie et apporter aux familles des solutions de proximit\u00e9 permettant de ne pas rompre les liens familiaux.<\/li>\n<\/ul>\n<p><strong>L&rsquo;association prend en compte les familles, les proches et leurs demandes dans le respect des choix des adultes en situation de handicap.<\/strong><\/p>\n<ul>\n<li>Elle garantit aux familles la p\u00e9rennit\u00e9 de l\u2019accompagnement dans le maintien de la qualit\u00e9 de vie des personnes en situation de handicap.<\/li>\n<li>L&rsquo;association affirme sa volont\u00e9 de renforcer la participation du plus grand nombre de familles et d&rsquo;amis \u00e0 la vie des \u00e9tablissements, en leur faisant conna\u00eetre leurs actions et en les faisant participer aux diff\u00e9rentes activit\u00e9s et manifestations.<\/li>\n<\/ul>\n<\/div><\/div><\/div><\/div><\/div><\/div><\/div><!-- cell_inner --><\/div><!-- cell --><\/div><!-- port --><\/section><section id=\"bt_bb_section69f50d0556145\" class=\"bt_bb_section bt_bb_layout_boxed_1600 bt_bb_vertical_align_top bt_bb_top_spacing_normal\"  data-bt-override-class=\"null\"><div class=\"bt_bb_port\"><div class=\"bt_bb_cell\"><div class=\"bt_bb_cell_inner\"><div class=\"bt_bb_row_wrapper\"><div  class=\"bt_bb_row\"  data-bt-override-class=\"{}\"><div  class=\"bt_bb_column col-xxl-6 col-xl-6 bt_bb_vertical_align_top bt_bb_align_left bt_bb_padding_normal bt_bb_animation_fade_in bt_bb_animation_move_right animate\"  data-width=\"6\" data-bt-override-class=\"{}\"><div class=\"bt_bb_column_content\"><div class=\"bt_bb_column_content_inner\"><div  class=\"bt_bb_text\" ><h1 style=\"text-align: center;\">LE CONSEIL D&rsquo;ADMINISTRATION<\/h1>\n<\/div><\/div><\/div><\/div><div  class=\"bt_bb_column col-xxl-6 col-xl-6 bt_bb_vertical_align_top bt_bb_align_left bt_bb_padding_normal bt_bb_animation_fade_in bt_bb_animation_move_left animate\"  data-width=\"6\" data-bt-override-class=\"{}\"><div class=\"bt_bb_column_content\"><div class=\"bt_bb_column_content_inner\"><div  class=\"bt_bb_text\" ><h1 style=\"text-align: center;\">L\u2019\u00c9QUIPE<\/h1>\n<\/div><\/div><\/div><\/div><\/div><\/div><div class=\"bt_bb_row_wrapper\"><div  class=\"bt_bb_row\"  data-bt-override-class=\"{}\"><div  class=\"bt_bb_column col-xxl-3 col-xl-3 bt_bb_vertical_align_top bt_bb_align_left bt_bb_padding_normal bt_bb_animation_fade_in bt_bb_animation_move_right animate\"  data-width=\"3\" data-bt-override-class=\"{}\"><div class=\"bt_bb_column_content\"><div class=\"bt_bb_column_content_inner\"><div  class=\"bt_bb_text\" ><p style=\"text-align: center;\">PRESIDENT :<br \/>\nJean Pierre DIDIER<\/p>\n<p style=\"text-align: center;\">VICE PRESIDENT :<br \/>\nArmand DANGEVILLE<\/p>\n<p style=\"text-align: center;\">TRESORIERE :<br \/>\nFran\u00e7oise HERTELER<\/p>\n<p style=\"text-align: center;\">SECRETAIRE :<br \/>\nOdile MOUGIN<\/p>\n<\/div><\/div><\/div><\/div><div  class=\"bt_bb_column col-xxl-3 col-xl-3 bt_bb_vertical_align_top bt_bb_align_left bt_bb_padding_normal\"  data-width=\"3\" data-bt-override-class=\"{}\"><div class=\"bt_bb_column_content\"><div class=\"bt_bb_column_content_inner\"><div  class=\"bt_bb_text\" ><p style=\"text-align: center;\">MEMBRES :<\/p>\n<p style=\"text-align: center;\">Micheline BANNEUX<br \/>\nJean Claude BANNEUX<br \/>\nJanie VALENCE<br \/>\nGenevi\u00e8ve JEANNY<br \/>\nMarie Edith MATHIEU<br \/>\nYvette BERTONI<\/p>\n<\/div><\/div><\/div><\/div><div  class=\"bt_bb_column col-xxl-3 col-xl-3 bt_bb_vertical_align_top bt_bb_align_left bt_bb_padding_normal bt_bb_animation_fade_in bt_bb_animation_move_left animate\"  data-width=\"3\" data-bt-override-class=\"{}\"><div class=\"bt_bb_column_content\"><div class=\"bt_bb_column_content_inner\"><div  class=\"bt_bb_text\" ><p style=\"text-align: center;\">DIRECTEUR :<br \/>\nPascal COLLIN<\/p>\n<p style=\"text-align: center;\">CHEF DE SERVICE :<br \/>\nBlandine ADAM<\/p>\n<\/div><\/div><\/div><\/div><div  class=\"bt_bb_column col-xxl-3 col-xl-3 bt_bb_vertical_align_top bt_bb_align_left bt_bb_padding_normal bt_bb_animation_fade_in bt_bb_animation_move_left animate\"  data-width=\"3\" data-bt-override-class=\"{}\"><div class=\"bt_bb_column_content\"><div class=\"bt_bb_column_content_inner\"><div  class=\"bt_bb_text\" ><p>\u00c9QUIPE DE DIRECTION:<br \/>\n1 Directeur<br \/>\n1 Chef de Service<br \/>\n1 Cadre Technique<\/p>\n<p>\u00c9QUIPE EDUCATIVE:<br \/>\n2 \u00c9ducateurs Sp\u00e9cialis\u00e9s<br \/>\n1 Animateur<br \/>\n13 AMP de Jour<br \/>\n2 AMP de Nuit<\/p>\n<p>SERVICE G\u00c9N\u00c9RAUX:<br \/>\n2 Cuisiniers<br \/>\n1 Agent d&rsquo;Entretien<br \/>\n2 Surveillants de nuit<\/p>\n<\/div><\/div><\/div><\/div><\/div><\/div><\/div><!-- cell_inner --><\/div><!-- cell --><\/div><!-- port --><\/section>","protected":false},"excerpt":{"rendered":"","protected":false},"author":2,"featured_media":0,"parent":0,"menu_order":0,"comment_status":"closed","ping_status":"closed","template":"bt-no-sidebar-wide.php","meta":{"footnotes":""},"_links":{"self":[{"href":"http:\/\/foyer-tremplin.com\/wordpress\/index.php?rest_route=\/wp\/v2\/pages\/53"}],"collection":[{"href":"http:\/\/foyer-tremplin.com\/wordpress\/index.php?rest_route=\/wp\/v2\/pages"}],"about":[{"href":"http:\/\/foyer-tremplin.com\/wordpress\/index.php?rest_route=\/wp\/v2\/types\/page"}],"author":[{"embeddable":true,"href":"http:\/\/foyer-tremplin.com\/wordpress\/index.php?rest_route=\/wp\/v2\/users\/2"}],"replies":[{"embeddable":true,"href":"http:\/\/foyer-tremplin.com\/wordpress\/index.php?rest_route=%2Fwp%2Fv2%2Fcomments&post=53"}],"version-history":[{"count":32,"href":"http:\/\/foyer-tremplin.com\/wordpress\/index.php?rest_route=\/wp\/v2\/pages\/53\/revisions"}],"predecessor-version":[{"id":241,"href":"http:\/\/foyer-tremplin.com\/wordpress\/index.php?rest_route=\/wp\/v2\/pages\/53\/revisions\/241"}],"wp:attachment":[{"href":"http:\/\/foyer-tremplin.com\/wordpress\/index.php?rest_route=%2Fwp%2Fv2%2Fmedia&parent=53"}],"curies":[{"name":"wp","href":"https:\/\/api.w.org\/{rel}","templated":true}]}}